{"id":136,"date":"2022-05-16T01:11:35","date_gmt":"2022-05-16T01:11:35","guid":{"rendered":"https:\/\/abrazoelcorazon.com\/?page_id=136"},"modified":"2024-01-30T16:44:09","modified_gmt":"2024-01-30T16:44:09","slug":"servicios","status":"publish","type":"page","link":"https:\/\/abrazoelcorazon.com\/?page_id=136","title":{"rendered":"Servicios"},"content":{"rendered":"<p>[et_pb_section fb_built=\u00bb1&#8243; admin_label=\u00bbLatest Work Section\u00bb module_id=\u00bbaconpanamiento\u00bb _builder_version=\u00bb4.15.1&#8243; background_color=\u00bb#f2e2cb\u00bb background_enable_image=\u00bboff\u00bb custom_padding=\u00bb12px||5px|||\u00bb da_popup_slug=\u00bbaconpanamiento\u00bb da_disable_devices=\u00bboff|off|off\u00bb global_colors_info=\u00bb{}\u00bb da_is_popup=\u00bboff\u00bb da_exit_intent=\u00bboff\u00bb da_has_close=\u00bbon\u00bb da_alt_close=\u00bboff\u00bb da_dark_close=\u00bboff\u00bb da_not_modal=\u00bbon\u00bb da_is_singular=\u00bboff\u00bb da_with_loader=\u00bboff\u00bb da_has_shadow=\u00bbon\u00bb][et_pb_row column_structure=\u00bb1_2,1_2&#8243; admin_label=\u00bbService Section Title\u00bb _builder_version=\u00bb4.15.1&#8243; width=\u00bb100%\u00bb max_width=\u00bb1299px\u00bb custom_margin=\u00bb||40px|\u00bb animation_style=\u00bbfade\u00bb animation_direction=\u00bbtop\u00bb saved_tabs=\u00bball\u00bb global_colors_info=\u00bb{}\u00bb][et_pb_column type=\u00bb1_2&#8243; _builder_version=\u00bb4.15&#8243; custom_padding=\u00bb|||\u00bb global_colors_info=\u00bb{}\u00bb custom_padding__hover=\u00bb|||\u00bb][et_pb_text admin_label=\u00bbTitle\u00bb _builder_version=\u00bb4.15.1&#8243; text_font=\u00bbMontserrat||||||||\u00bb text_text_color=\u00bb#747d88&#8243; text_font_size=\u00bb15px\u00bb text_line_height=\u00bb1.9em\u00bb header_font=\u00bb||||||||\u00bb header_2_font=\u00bbMontserrat|700||on|||||\u00bb header_2_font_size=\u00bb42px\u00bb header_2_line_height=\u00bb1.3em\u00bb text_orientation=\u00bbcenter\u00bb max_width=\u00bb700px\u00bb module_alignment=\u00bbcenter\u00bb animation_style=\u00bbslide\u00bb animation_direction=\u00bbbottom\u00bb animation_intensity_slide=\u00bb4%\u00bb text_font_size_tablet=\u00bb15px\u00bb text_font_size_phone=\u00bb14px\u00bb text_font_size_last_edited=\u00bbon|phone\u00bb header_2_font_size_tablet=\u00bb42px\u00bb header_2_font_size_phone=\u00bb33px\u00bb header_2_font_size_last_edited=\u00bbon|phone\u00bb inline_fonts=\u00bbRosie\u00bb global_colors_info=\u00bb{}\u00bb]<\/p>\n<h2><span style=\"color: #ffffff; font-family: Rosie;\">sesiones 1 a 1<\/span><span style=\"color: #ffffff; font-family: Rosie;\"><\/span><\/h2>\n<p><span style=\"color: #ffffff; font-family: Rosie;\"><\/span><\/p>\n<p>[\/et_pb_text][et_pb_text admin_label=\u00bbSubtitle\u00bb _builder_version=\u00bb4.15.1&#8243; text_font=\u00bbMontserrat||||\u00bb text_text_color=\u00bb#747d88&#8243; text_font_size=\u00bb16px\u00bb text_line_height=\u00bb1.8em\u00bb header_font=\u00bb||||||||\u00bb text_orientation=\u00bbcenter\u00bb max_width=\u00bb700px\u00bb module_alignment=\u00bbcenter\u00bb custom_margin=\u00bb|||\u00bb animation_style=\u00bbslide\u00bb animation_direction=\u00bbbottom\u00bb animation_delay=\u00bb100ms\u00bb animation_intensity_slide=\u00bb4%\u00bb global_colors_info=\u00bb{}\u00bb]<\/p>\n<p class=\"p1\"><span style=\"color: #ffffff;\">Sesiones personalizadas de hasta 75 minutos, online o presencial, con posibilidad de tomar a modo de consulta o a modo de\u00a0 acompa\u00f1amiento, para que puedas probar c\u00f3mo es trabajar conmigo o puedas realizar un trabajo personal de autoconocimiento profundo, potenciando tus recursos, gestionando tus emociones y aprendiendo a ser m\u00e1s consciente para vivir de un modo m\u00e1s pleno y gratificante con la vida que eliges.<\/span><\/p>\n<p>&nbsp;<\/p>\n<p>[\/et_pb_text][\/et_pb_column][et_pb_column type=\u00bb1_2&#8243; _builder_version=\u00bb4.15&#8243; custom_padding=\u00bb|||\u00bb global_colors_info=\u00bb{}\u00bb custom_padding__hover=\u00bb|||\u00bb][et_pb_image src=\u00bbhttps:\/\/abrazoelcorazon.com\/wp-content\/uploads\/2022\/09\/Recorte-1-barbarita-1.png\u00bb title_text=\u00bbRecorte 1 barbarita (1)\u00bb force_fullwidth=\u00bbon\u00bb align_tablet=\u00bbcenter\u00bb align_phone=\u00bbcenter\u00bb align_last_edited=\u00bbon|desktop\u00bb _builder_version=\u00bb4.15.1&#8243; min_height=\u00bb265.6px\u00bb custom_margin=\u00bb|||\u00bb custom_padding=\u00bb|||\u00bb animation_style=\u00bbslide\u00bb animation_direction=\u00bbbottom\u00bb animation_intensity_slide=\u00bb6%\u00bb animation_starting_opacity=\u00bb100%\u00bb global_colors_info=\u00bb{}\u00bb][\/et_pb_image][\/et_pb_column][\/et_pb_row][et_pb_row column_structure=\u00bb1_2,1_2&#8243; use_custom_gutter=\u00bbon\u00bb gutter_width=\u00bb2&#8243; make_equal=\u00bbon\u00bb admin_label=\u00bbFeatures\u00bb _builder_version=\u00bb4.15.1&#8243; width=\u00bb100%\u00bb max_width=\u00bb93.8%\u00bb module_alignment=\u00bbcenter\u00bb custom_margin=\u00bb|||-32px|false|false\u00bb custom_padding=\u00bb||27px|||\u00bb global_colors_info=\u00bb{}\u00bb][et_pb_column type=\u00bb1_2&#8243; _builder_version=\u00bb4.15&#8243; custom_padding=\u00bb|||\u00bb global_colors_info=\u00bb{}\u00bb parallax__hover=\u00bboff\u00bb parallax_method__hover=\u00bbon\u00bb custom_padding__hover=\u00bb|||\u00bb][et_pb_image src=\u00bbhttps:\/\/abrazoelcorazon.com\/wp-content\/uploads\/2022\/09\/Recorte-3-barbarita-1.png\u00bb title_text=\u00bbRecorte 3 barbarita (1)\u00bb align=\u00bbcenter\u00bb show_bottom_space_tablet=\u00bb\u00bb show_bottom_space_phone=\u00bb\u00bb show_bottom_space_last_edited=\u00bbon|phone\u00bb align_tablet=\u00bb\u00bb align_phone=\u00bbcenter\u00bb align_last_edited=\u00bbon|desktop\u00bb _builder_version=\u00bb4.15.1&#8243; width=\u00bb67%\u00bb max_width=\u00bb56%\u00bb min_height=\u00bb499px\u00bb max_height=\u00bb255px\u00bb custom_margin=\u00bb|81px|||false|false\u00bb animation_style=\u00bbslide\u00bb animation_direction=\u00bbright\u00bb animation_intensity_slide=\u00bb8%\u00bb animation_starting_opacity=\u00bb100%\u00bb global_colors_info=\u00bb{}\u00bb][\/et_pb_image][\/et_pb_column][et_pb_column type=\u00bb1_2&#8243; _builder_version=\u00bb4.15.1&#8243; _module_preset=\u00bbdefault\u00bb global_colors_info=\u00bb{}\u00bb][et_pb_text admin_label=\u00bbTitle\u00bb _builder_version=\u00bb4.15&#8243; text_font=\u00bbMontserrat||||||||\u00bb text_text_color=\u00bb#747d88&#8243; text_font_size=\u00bb16px\u00bb text_line_height=\u00bb1.9em\u00bb header_font=\u00bb||||||||\u00bb header_2_font=\u00bbMontserrat|700||on|||||\u00bb header_2_font_size=\u00bb42px\u00bb header_2_line_height=\u00bb1.3em\u00bb text_orientation=\u00bbcenter\u00bb max_width=\u00bb700px\u00bb module_alignment=\u00bbcenter\u00bb animation_style=\u00bbslide\u00bb animation_direction=\u00bbbottom\u00bb animation_intensity_slide=\u00bb4%\u00bb global_colors_info=\u00bb{}\u00bb]<\/p>\n<h2><span style=\"color: #ffffff;\">Es para vos si..<\/span><\/h2>\n<p>[\/et_pb_text][et_pb_text admin_label=\u00bbSubtitle\u00bb _builder_version=\u00bb4.15.1&#8243; text_font=\u00bbMontserrat||||\u00bb text_text_color=\u00bb#747d88&#8243; text_font_size=\u00bb16px\u00bb text_line_height=\u00bb1.8em\u00bb header_font=\u00bb||||||||\u00bb max_width=\u00bb700px\u00bb module_alignment=\u00bbleft\u00bb min_height=\u00bb72.6px\u00bb custom_margin=\u00bb-36px|||||\u00bb custom_padding=\u00bb||20px|\u00bb animation_style=\u00bbslide\u00bb animation_direction=\u00bbbottom\u00bb animation_delay=\u00bb100ms\u00bb animation_intensity_slide=\u00bb4%\u00bb text_orientation_tablet=\u00bb\u00bb text_orientation_phone=\u00bbcenter\u00bb text_orientation_last_edited=\u00bbon|phone\u00bb locked=\u00bboff\u00bb global_colors_info=\u00bb{}\u00bb]<\/p>\n<p><span style=\"color: #ffffff;\">\u00a0<\/span><\/p>\n<p class=\"p1\"><span style=\"color: #ffffff;\">&gt;Hay \u201calgo\u201d que te genera incomodidad en alg\u00fan aspecto de tu vida y no sabes qu\u00e9 o c\u00f3mo resolverlo;<\/span><\/p>\n<p class=\"p1\"><span style=\"color: #ffffff;\">&gt;Sientes que lo que est\u00e1s haciendo, no te funciona;<\/span><\/p>\n<p class=\"p1\"><span style=\"color: #ffffff;\">&gt;Sabes lo que quieres pero necesitas claridad para ver c\u00f3mo lograrlo;<\/span><\/p>\n<p class=\"p1\"><span style=\"color: #ffffff;\">&gt;Est\u00e1s cansada de ir en autom\u00e1tico y quieres sentirte due\u00f1a de tu tiempo e ir a tu ritmo;<\/span><\/p>\n<p class=\"p1\"><span style=\"color: #ffffff;\">&gt;Te sientes insatisfecha con alg\u00fan v\u00ednculo o la forma en la que vives tus v\u00ednculos hoy;<\/span><\/p>\n<p class=\"p1\"><span style=\"color: #ffffff;\">&gt;Te sientes desmotivada, no sabes lo que quieres, ni c\u00f3mo lo quieres, ni qu\u00e9 te gusta;<\/span><\/p>\n<p>[\/et_pb_text][\/et_pb_column][\/et_pb_row][\/et_pb_section][et_pb_section fb_built=\u00bb1&#8243; admin_label=\u00bbFeature Section\u00bb _builder_version=\u00bb4.15.1&#8243; background_color=\u00bb#f2e2cb\u00bb min_height=\u00bb896.6px\u00bb custom_margin=\u00bb|||\u00bb custom_padding=\u00bb0px||0px|||\u00bb da_disable_devices=\u00bboff|off|off\u00bb global_colors_info=\u00bb{}\u00bb da_is_popup=\u00bboff\u00bb da_exit_intent=\u00bboff\u00bb da_has_close=\u00bbon\u00bb da_alt_close=\u00bboff\u00bb da_dark_close=\u00bboff\u00bb da_not_modal=\u00bbon\u00bb da_is_singular=\u00bboff\u00bb da_with_loader=\u00bboff\u00bb da_has_shadow=\u00bbon\u00bb][et_pb_row column_structure=\u00bb1_2,1_2&#8243; use_custom_gutter=\u00bbon\u00bb gutter_width=\u00bb1&#8243; admin_label=\u00bbFeature\u00bb module_class=\u00bb et_pb_row_fullwidth\u00bb _builder_version=\u00bb4.15.1&#8243; width=\u00bb86%\u00bb width_tablet=\u00bb80%\u00bb width_phone=\u00bb80%\u00bb width_last_edited=\u00bbon|desktop\u00bb max_width=\u00bb86%\u00bb max_width_tablet=\u00bb80%\u00bb max_width_phone=\u00bb80%\u00bb max_width_last_edited=\u00bbon|desktop\u00bb min_height=\u00bb628.9px\u00bb height=\u00bb100px\u00bb max_height=\u00bb1000px\u00bb custom_margin=\u00bb|auto|-62px|auto||\u00bb custom_padding=\u00bb40px||0px|||\u00bb make_fullwidth=\u00bbon\u00bb global_colors_info=\u00bb{}\u00bb][et_pb_column type=\u00bb1_2&#8243; _builder_version=\u00bb4.15&#8243; background_color_gradient_start=\u00bb#fcd21d\u00bb background_color_gradient_end=\u00bb#fcd21d\u00bb custom_padding=\u00bb|||\u00bb global_colors_info=\u00bb{}\u00bb custom_padding__hover=\u00bb|||\u00bb][et_pb_text admin_label=\u00bbTitle\u00bb _builder_version=\u00bb4.15.1&#8243; text_font=\u00bbMontserrat||||||||\u00bb text_text_color=\u00bb#747d88&#8243; text_font_size=\u00bb16px\u00bb text_line_height=\u00bb1.9em\u00bb header_font=\u00bb||||||||\u00bb header_text_align=\u00bbleft\u00bb header_2_font=\u00bbMontserrat|700||on|||||\u00bb header_2_font_size=\u00bb42px\u00bb header_2_line_height=\u00bb1.3em\u00bb max_width=\u00bb700px\u00bb module_alignment=\u00bbleft\u00bb min_height=\u00bb70px\u00bb max_height=\u00bb917px\u00bb custom_padding=\u00bb||0px|||\u00bb animation_style=\u00bbslide\u00bb animation_direction=\u00bbbottom\u00bb animation_intensity_slide=\u00bb4%\u00bb locked=\u00bboff\u00bb global_colors_info=\u00bb{}\u00bb]<\/p>\n<h2><span style=\"color: #ffffff;\">tambi\u00e9n es para vos si:\u00a0<\/span><\/h2>\n<p>[\/et_pb_text][et_pb_text admin_label=\u00bbSubtitle\u00bb _builder_version=\u00bb4.15.1&#8243; text_font=\u00bbMontserrat||||\u00bb text_text_color=\u00bb#747d88&#8243; text_font_size=\u00bb16px\u00bb text_line_height=\u00bb1.8em\u00bb header_font=\u00bb||||||||\u00bb max_width=\u00bb1000px\u00bb module_alignment=\u00bbleft\u00bb min_height=\u00bb100px\u00bb max_height=\u00bb821px\u00bb custom_margin=\u00bb||47px|||\u00bb custom_padding=\u00bb||0px|||\u00bb animation_style=\u00bbslide\u00bb animation_direction=\u00bbbottom\u00bb animation_delay=\u00bb100ms\u00bb animation_intensity_slide=\u00bb4%\u00bb text_orientation_tablet=\u00bb\u00bb text_orientation_phone=\u00bbcenter\u00bb text_orientation_last_edited=\u00bbon|phone\u00bb locked=\u00bboff\u00bb global_colors_info=\u00bb{}\u00bb]<\/p>\n<p class=\"p1\"><span style=\"color: #ffffff;\">&gt;&gt; El enojo, la frustraci\u00f3n, la ansiedad o el miedo te invaden y \u201calgo\u201d te dice que puedes hacer algo con ello para dejar de sufrir;<\/span><\/p>\n<p class=\"p1\"><span style=\"color: #ffffff;\">&gt;&gt; Te gustar\u00eda disfrutar m\u00e1s de la vida que tienes y por \u201calg\u00fan motivo\u201d no lo logras;\u00a0<\/span><\/p>\n<p class=\"p1\"><span style=\"color: #ffffff;\">&gt;&gt;Sientes que hay \u201calgo m\u00e1s\u201d para vos, que puede haber \u201cotra forma\u201d y est\u00e1s lista para conectar con ello;<\/span><\/p>\n<p class=\"p1\"><span style=\"color: #ffffff;\">&gt;&gt; Necesitas sentirte acompa\u00f1ada en tu b\u00fasqueda personal o transitando un momento de cambio en tu vida;<\/span><\/p>\n<p class=\"p1\"><span style=\"color: #ffffff;\">&gt;&gt;\u00a0Te sientes con la apertura de descubrirte y reconocerte;<\/span><\/p>\n<p class=\"p1\"><span style=\"color: #ffffff;\">&gt;&gt;Te sientes lista para trabajar comportamientos repetitivos y limitantes en tu vida y de tu sistema familiar.<\/span><\/p>\n<p>[\/et_pb_text][et_pb_text admin_label=\u00bbTitle\u00bb _builder_version=\u00bb4.15.1&#8243; text_font=\u00bbMontserrat||||||||\u00bb text_text_color=\u00bb#747d88&#8243; text_font_size=\u00bb16px\u00bb text_line_height=\u00bb1.9em\u00bb header_font=\u00bb||||||||\u00bb header_text_align=\u00bbleft\u00bb header_2_font=\u00bbMontserrat|700||on|||||\u00bb header_2_font_size=\u00bb42px\u00bb header_2_line_height=\u00bb1.3em\u00bb text_orientation=\u00bbcenter\u00bb background_layout=\u00bbdark\u00bb max_width=\u00bb700px\u00bb module_alignment=\u00bbleft\u00bb min_height=\u00bb70px\u00bb max_height=\u00bb917px\u00bb custom_padding=\u00bb2px||0px|||\u00bb animation_style=\u00bbslide\u00bb animation_direction=\u00bbbottom\u00bb animation_intensity_slide=\u00bb4%\u00bb locked=\u00bboff\u00bb global_colors_info=\u00bb{}\u00bb]<\/p>\n<h2 style=\"text-align: center;\"><span style=\"color: #ffffff;\">\u00bfqu\u00e9 incluye?<\/span><\/h2>\n<p>[\/et_pb_text][\/et_pb_column][et_pb_column type=\u00bb1_2&#8243; _builder_version=\u00bb4.15&#8243; background_color_gradient_start=\u00bb#fcd21d\u00bb background_color_gradient_end=\u00bb#fcd21d\u00bb custom_padding=\u00bb|||\u00bb global_colors_info=\u00bb{}\u00bb custom_padding__hover=\u00bb|||\u00bb][et_pb_image src=\u00bbhttps:\/\/abrazoelcorazon.com\/wp-content\/uploads\/2022\/09\/SV-2-1.png\u00bb title_text=\u00bbSV 2&#8243; show_bottom_space=\u00bboff\u00bb align=\u00bbcenter\u00bb align_tablet=\u00bbcenter\u00bb align_phone=\u00bbcenter\u00bb align_last_edited=\u00bbon|phone\u00bb _builder_version=\u00bb4.15.1&#8243; _module_preset=\u00bbdefault\u00bb transform_scale_tablet=\u00bb\u00bb transform_scale_phone=\u00bb\u00bb transform_scale_last_edited=\u00bbon|phone\u00bb transform_translate_tablet=\u00bb\u00bb transform_translate_phone=\u00bb\u00bb transform_translate_last_edited=\u00bbon|phone\u00bb transform_rotate_tablet=\u00bb\u00bb transform_rotate_phone=\u00bb\u00bb transform_rotate_last_edited=\u00bbon|phone\u00bb transform_skew_tablet=\u00bb\u00bb transform_skew_phone=\u00bb\u00bb transform_skew_last_edited=\u00bbon|phone\u00bb transform_origin_tablet=\u00bb\u00bb transform_origin_phone=\u00bb\u00bb transform_origin_last_edited=\u00bbon|phone\u00bb transform_styles_last_edited=\u00bbon|phone\u00bb width=\u00bb100%\u00bb module_alignment=\u00bbcenter\u00bb min_height=\u00bb374.6px\u00bb custom_margin_tablet=\u00bb\u00bb custom_margin_phone=\u00bb|0px|||false|false\u00bb custom_margin_last_edited=\u00bbon|phone\u00bb custom_padding=\u00bb59px||||false|false\u00bb custom_padding_tablet=\u00bb59px||||false|false\u00bb custom_padding_phone=\u00bb|0px|||false|false\u00bb custom_padding_last_edited=\u00bbon|phone\u00bb transform_styles_tablet=\u00bb\u00bb transform_styles_phone=\u00bb\u00bb global_colors_info=\u00bb{}\u00bb][\/et_pb_image][\/et_pb_column][\/et_pb_row][et_pb_row _builder_version=\u00bb4.15.1&#8243; _module_preset=\u00bbdefault\u00bb custom_margin=\u00bb|auto|25px|auto||\u00bb custom_padding=\u00bb0px||0px|||\u00bb global_colors_info=\u00bb{}\u00bb][et_pb_column type=\u00bb4_4&#8243; _builder_version=\u00bb4.15.1&#8243; _module_preset=\u00bbdefault\u00bb global_colors_info=\u00bb{}\u00bb][\/et_pb_column][\/et_pb_row][et_pb_row column_structure=\u00bb1_3,1_3,1_3&#8243; _builder_version=\u00bb4.15.1&#8243; _module_preset=\u00bbdefault\u00bb min_height=\u00bb201px\u00bb custom_margin=\u00bb|auto|-66px|auto||\u00bb custom_padding=\u00bb0px|||||\u00bb global_colors_info=\u00bb{}\u00bb][et_pb_column type=\u00bb1_3&#8243; _builder_version=\u00bb4.15.1&#8243; _module_preset=\u00bbdefault\u00bb global_colors_info=\u00bb{}\u00bb][et_pb_number_counter title=\u00bbminutos cada sesi\u00f3n online\u00bb number=\u00bb75&#8243; percent_sign=\u00bboff\u00bb _builder_version=\u00bb4.15.1&#8243; title_font=\u00bbMontserrat|||on|\u00bb title_text_color=\u00bb#FFFFFF\u00bb number_font=\u00bbMontserrat|on|||\u00bb number_text_color=\u00bb#ffffff\u00bb number_font_size=\u00bb60px\u00bb number_line_height=\u00bb90px\u00bb width=\u00bb100%\u00bb width_tablet=\u00bb100%\u00bb width_phone=\u00bb100%\u00bb width_last_edited=\u00bbon|phone\u00bb module_alignment=\u00bbcenter\u00bb min_height=\u00bb192px\u00bb custom_margin=\u00bb|-38px||3px||\u00bb custom_margin_tablet=\u00bb|-38px||3px||\u00bb custom_margin_phone=\u00bb|0px||3px|false|false\u00bb custom_margin_last_edited=\u00bbon|phone\u00bb custom_padding=\u00bb|0px||0px||\u00bb animation_style=\u00bbzoom\u00bb animation_delay=\u00bb100ms\u00bb module_alignment_tablet=\u00bbcenter\u00bb module_alignment_phone=\u00bbcenter\u00bb module_alignment_last_edited=\u00bbon|phone\u00bb global_colors_info=\u00bb{}\u00bb][\/et_pb_number_counter][\/et_pb_column][et_pb_column type=\u00bb1_3&#8243; _builder_version=\u00bb4.15.1&#8243; _module_preset=\u00bbdefault\u00bb global_colors_info=\u00bb{}\u00bb][et_pb_text content_tablet=\u00bb<\/p>\n<p class=%22ok-Wdg UPenfA RVfbug%22>ACOMPA\u00d1AMIENTO PERSONALIZADO<\/p>\n<p class=%22ok-Wdg UPenfA RVfbug%22>TAREAS DE SEGUIMIENTO<\/p>\n<p>\u00bb content_phone=\u00bb<\/p>\n<p class=%22ok-Wdg UPenfA RVfbug%22 style=%22text-align: center;%22>ACOMPA\u00d1AMIENTO PERSONALIZADO<\/p>\n<p class=%22ok-Wdg UPenfA RVfbug%22 style=%22text-align: center;%22>TAREAS DE SEGUIMIENTO<\/p>\n<p>\u00bb content_last_edited=\u00bbon|phone\u00bb _builder_version=\u00bb4.15.1&#8243; _module_preset=\u00bbdefault\u00bb text_font=\u00bbMontserrat||||||||\u00bb text_text_color=\u00bb#FFFFFF\u00bb text_font_size=\u00bb18px\u00bb header_font=\u00bbMontserrat|600|||||||\u00bb header_text_color=\u00bb#FFFFFF\u00bb width=\u00bb100%\u00bb module_alignment=\u00bbcenter\u00bb custom_margin=\u00bb|7px||-63px||\u00bb custom_margin_tablet=\u00bb|7px||-63px||\u00bb custom_margin_phone=\u00bb|0px||0px|false|false\u00bb custom_margin_last_edited=\u00bbon|phone\u00bb custom_padding=\u00bb|0px||0px|false|false\u00bb text_orientation_tablet=\u00bb\u00bb text_orientation_phone=\u00bbcenter\u00bb text_orientation_last_edited=\u00bbon|phone\u00bb module_alignment_tablet=\u00bbcenter\u00bb module_alignment_phone=\u00bbcenter\u00bb module_alignment_last_edited=\u00bbon|phone\u00bb global_colors_info=\u00bb{}\u00bb]<\/p>\n<p class=\"ok-Wdg UPenfA RVfbug\">ACOMPA\u00d1AMIENTO PERSONALIZADO<\/p>\n<p class=\"ok-Wdg UPenfA RVfbug\">TAREAS DE SEGUIMIENTO<\/p>\n<p>[\/et_pb_text][\/et_pb_column][et_pb_column type=\u00bb1_3&#8243; _builder_version=\u00bb4.15.1&#8243; _module_preset=\u00bbdefault\u00bb global_colors_info=\u00bb{}\u00bb][et_pb_text _builder_version=\u00bb4.15.1&#8243; _module_preset=\u00bbdefault\u00bb text_font=\u00bbMontserrat||||||||\u00bb text_text_color=\u00bb#FFFFFF\u00bb text_font_size=\u00bb18px\u00bb header_font=\u00bbMontserrat|600|||||||\u00bb header_text_color=\u00bb#FFFFFF\u00bb text_orientation=\u00bbcenter\u00bb text_orientation_tablet=\u00bbcenter\u00bb text_orientation_phone=\u00bbcenter\u00bb text_orientation_last_edited=\u00bbon|phone\u00bb global_colors_info=\u00bb{}\u00bb]<\/p>\n<p>&nbsp;<\/p>\n<p>Y TODO LO QUE MI INTUICI\u00d3N ME DIGA QUE TE COMPARTA!<\/p>\n<p class=\"ok-Wdg UPenfA RVfbug\">[\/et_pb_text][\/et_pb_column][\/et_pb_row][\/et_pb_section][et_pb_section fb_built=\u00bb1&#8243; admin_label=\u00bbTestimonial Section\u00bb _builder_version=\u00bb4.15.1&#8243; background_color=\u00bb#f2e2cb\u00bb min_height=\u00bb1083.2px\u00bb custom_margin=\u00bb||-106px|||\u00bb custom_padding=\u00bb110px||0px|||\u00bb da_disable_devices=\u00bboff|off|off\u00bb global_colors_info=\u00bb{}\u00bb da_is_popup=\u00bboff\u00bb da_exit_intent=\u00bboff\u00bb da_has_close=\u00bbon\u00bb da_alt_close=\u00bboff\u00bb da_dark_close=\u00bboff\u00bb da_not_modal=\u00bbon\u00bb da_is_singular=\u00bboff\u00bb da_with_loader=\u00bboff\u00bb da_has_shadow=\u00bbon\u00bb][et_pb_row admin_label=\u00bbTestimonial Title\u00bb _builder_version=\u00bb4.15&#8243; custom_margin=\u00bb-95px|auto|-29px|auto||\u00bb animation_style=\u00bbfade\u00bb global_colors_info=\u00bb{}\u00bb][et_pb_column type=\u00bb4_4&#8243; _builder_version=\u00bb4.15&#8243; custom_padding=\u00bb|||\u00bb global_colors_info=\u00bb{}\u00bb custom_padding__hover=\u00bb|||\u00bb][et_pb_text _builder_version=\u00bb4.15.1&#8243; text_font=\u00bbMontserrat|on||on|\u00bb text_text_color=\u00bb#353740&#8243; text_font_size=\u00bb42px\u00bb text_line_height=\u00bb1.2em\u00bb text_orientation=\u00bbcenter\u00bb max_width=\u00bb700px\u00bb module_alignment=\u00bbcenter\u00bb global_colors_info=\u00bb{}\u00bb]<\/p>\n<p><span style=\"color: #ffffff;\">Podes lograr..<\/span><\/p>\n<p>[\/et_pb_text][\/et_pb_column][\/et_pb_row][et_pb_row column_structure=\u00bb1_2,1_2&#8243; admin_label=\u00bbTestimonial\u00bb _builder_version=\u00bb4.15&#8243; custom_padding=\u00bb|||\u00bb global_colors_info=\u00bb{}\u00bb][et_pb_column type=\u00bb1_2&#8243; _builder_version=\u00bb4.15&#8243; custom_padding=\u00bb|||\u00bb global_colors_info=\u00bb{}\u00bb custom_padding__hover=\u00bb|||\u00bb][et_pb_testimonial quote_icon=\u00bboff\u00bb portrait_width=\u00bb91px\u00bb _builder_version=\u00bb4.15.1&#8243; body_font=\u00bbMontserrat||||\u00bb body_text_color=\u00bb#747d88&#8243; body_font_size=\u00bb16px\u00bb body_line_height=\u00bb1.8em\u00bb use_background_color=\u00bboff\u00bb custom_margin=\u00bb||-17px|||\u00bb animation_style=\u00bbslide\u00bb animation_direction=\u00bbleft\u00bb animation_intensity_slide=\u00bb20%\u00bb border_radii_portrait=\u00bbon|0px|0px|0px|0px\u00bb border_color_all_portrait=\u00bb#ec735d\u00bb border_style_all_portrait=\u00bbnone\u00bb global_colors_info=\u00bb{}\u00bb]<\/p>\n<p><span style=\"color: #ffffff;\">&gt;Conocerte m\u00e1s y aumentar tu confianza<\/span><\/p>\n<p>&nbsp;<\/p>\n<p>[\/et_pb_testimonial][et_pb_testimonial quote_icon=\u00bboff\u00bb _builder_version=\u00bb4.15.1&#8243; body_font=\u00bbMontserrat||||\u00bb body_text_color=\u00bb#747d88&#8243; body_font_size=\u00bb16px\u00bb body_line_height=\u00bb1.8em\u00bb use_background_color=\u00bboff\u00bb animation_style=\u00bbslide\u00bb animation_direction=\u00bbleft\u00bb animation_intensity_slide=\u00bb20%\u00bb border_radii_portrait=\u00bbon|0px|0px|0px|0px\u00bb border_color_all_portrait=\u00bb#ec735d\u00bb border_style_all_portrait=\u00bbnone\u00bb global_colors_info=\u00bb{}\u00bb]<\/p>\n<p><span style=\"color: #ffffff;\">&gt;Gestionar tus miedos para que no te paralicen<\/span><\/p>\n<p>[\/et_pb_testimonial][et_pb_testimonial quote_icon=\u00bboff\u00bb _builder_version=\u00bb4.15.1&#8243; body_font=\u00bbMontserrat||||\u00bb body_text_color=\u00bb#747d88&#8243; body_font_size=\u00bb16px\u00bb body_line_height=\u00bb1.8em\u00bb use_background_color=\u00bboff\u00bb animation_style=\u00bbslide\u00bb animation_direction=\u00bbleft\u00bb animation_intensity_slide=\u00bb20%\u00bb global_colors_info=\u00bb{}\u00bb]<\/p>\n<p><span style=\"color: #ffffff;\">&gt;Aprender a observarte, identificar tus bloqueos y trabajarlos<\/span><\/p>\n<p>[\/et_pb_testimonial][et_pb_testimonial quote_icon=\u00bboff\u00bb _builder_version=\u00bb4.15.1&#8243; body_font=\u00bbMontserrat||||\u00bb body_text_color=\u00bb#FFFFFF\u00bb body_font_size=\u00bb16px\u00bb body_line_height=\u00bb1.8em\u00bb use_background_color=\u00bboff\u00bb text_orientation=\u00bbcenter\u00bb width=\u00bb100%\u00bb width_tablet=\u00bb100%\u00bb width_phone=\u00bb100%\u00bb width_last_edited=\u00bbon|phone\u00bb max_width=\u00bb100%\u00bb max_width_tablet=\u00bb100%\u00bb max_width_phone=\u00bb100%\u00bb max_width_last_edited=\u00bbon|phone\u00bb module_alignment=\u00bbcenter\u00bb animation_style=\u00bbslide\u00bb animation_direction=\u00bbleft\u00bb animation_intensity_slide=\u00bb20%\u00bb text_orientation_tablet=\u00bbcenter\u00bb text_orientation_phone=\u00bbcenter\u00bb text_orientation_last_edited=\u00bbon|phone\u00bb module_alignment_tablet=\u00bbcenter\u00bb module_alignment_phone=\u00bbcenter\u00bb module_alignment_last_edited=\u00bbon|phone\u00bb global_colors_info=\u00bb{}\u00bb]<\/p>\n<p style=\"text-align: center;\">TODO LO QUE EST\u00c9S LISTA A DESCUBRIR Y TRANSFORMAR EN TU VIDA PARA VIVIR EN PAZ Y PLENITUD<\/p>\n<p>[\/et_pb_testimonial][\/et_pb_column][et_pb_column type=\u00bb1_2&#8243; _builder_version=\u00bb4.15&#8243; custom_padding=\u00bb|||\u00bb global_colors_info=\u00bb{}\u00bb custom_padding__hover=\u00bb|||\u00bb][et_pb_testimonial quote_icon=\u00bboff\u00bb _builder_version=\u00bb4.15.1&#8243; body_font=\u00bbMontserrat||||\u00bb body_text_color=\u00bb#747d88&#8243; body_font_size=\u00bb16px\u00bb body_line_height=\u00bb1.8em\u00bb use_background_color=\u00bboff\u00bb animation_style=\u00bbslide\u00bb animation_direction=\u00bbright\u00bb animation_intensity_slide=\u00bb20%\u00bb global_colors_info=\u00bb{}\u00bb]<\/p>\n<p><span style=\"color: #ffffff;\"><span class=\"S1PPyQ\">&gt;Identificar<\/span><span class=\"S1PPyQ\">\u00a0c\u00f3mo lograr lo que quer\u00e9s manifestar en tu vida<\/span><\/span><\/p>\n<p>[\/et_pb_testimonial][et_pb_testimonial quote_icon=\u00bboff\u00bb _builder_version=\u00bb4.15.1&#8243; body_font=\u00bbMontserrat||||\u00bb body_text_color=\u00bb#747d88&#8243; body_font_size=\u00bb16px\u00bb body_line_height=\u00bb1.8em\u00bb use_background_color=\u00bboff\u00bb animation_style=\u00bbslide\u00bb animation_direction=\u00bbright\u00bb animation_intensity_slide=\u00bb20%\u00bb global_colors_info=\u00bb{}\u00bb]<\/p>\n<p><span style=\"color: #ffffff;\">&gt;Tomar decisiones que te funcionen y accionar<\/span><\/p>\n<p>[\/et_pb_testimonial][et_pb_testimonial quote_icon=\u00bboff\u00bb _builder_version=\u00bb4.15.1&#8243; body_font=\u00bbMontserrat||||\u00bb body_text_color=\u00bb#747d88&#8243; body_font_size=\u00bb16px\u00bb body_line_height=\u00bb1.8em\u00bb use_background_color=\u00bboff\u00bb animation_style=\u00bbslide\u00bb animation_direction=\u00bbright\u00bb animation_intensity_slide=\u00bb20%\u00bb global_colors_info=\u00bb{}\u00bb]<\/p>\n<p><span style=\"color: #ffffff;\">&gt;Mejorar tus v\u00ednculos<\/span><\/p>\n<p>&nbsp;<\/p>\n<p>[\/et_pb_testimonial][\/et_pb_column][\/et_pb_row][et_pb_row _builder_version=\u00bb4.15.1&#8243; _module_preset=\u00bbdefault\u00bb min_height=\u00bb1049.3px\u00bb custom_padding=\u00bb31px|||||\u00bb global_colors_info=\u00bb{}\u00bb][et_pb_column type=\u00bb4_4&#8243; _builder_version=\u00bb4.15.1&#8243; _module_preset=\u00bbdefault\u00bb global_colors_info=\u00bb{}\u00bb][et_pb_text _builder_version=\u00bb4.15.1&#8243; text_font=\u00bbMontserrat|on||on|\u00bb text_text_color=\u00bb#353740&#8243; text_font_size=\u00bb42px\u00bb text_line_height=\u00bb1.2em\u00bb text_orientation=\u00bbcenter\u00bb max_width=\u00bb700px\u00bb module_alignment=\u00bbcenter\u00bb min_height=\u00bb132.8px\u00bb custom_margin=\u00bb||-30px|||\u00bb custom_padding=\u00bb||0px|||\u00bb global_colors_info=\u00bb{}\u00bb]<\/p>\n<p><span style=\"color: #ffffff; font-size: large;\">DEPENDE DE VOS QU\u00c9 TAN PROFUNDO TRABAJEMOS.<\/span><span style=\"color: #ffffff; font-size: large;\"><\/span><\/p>\n<p><span style=\"color: #ffffff; font-size: large;\"><\/span><\/p>\n<p>[\/et_pb_text][et_pb_text _builder_version=\u00bb4.15.1&#8243; _module_preset=\u00bbdefault\u00bb text_font=\u00bbMontserrat||||||||\u00bb text_font_size=\u00bb17px\u00bb min_height=\u00bb105.4px\u00bb custom_padding=\u00bb45px||39px|||\u00bb text_orientation_tablet=\u00bb\u00bb text_orientation_phone=\u00bbcenter\u00bb text_orientation_last_edited=\u00bbon|phone\u00bb global_colors_info=\u00bb{}\u00bb]<\/p>\n<p><span style=\"color: #ffffff;\">Para mi es importante respetar los tiempos del proceso y s\u00f3lo vos, pod\u00e9s saber cu\u00e1ndo es tu momento y cu\u00e1l es tu ritmo. No es necesario lo tengas claro al iniciar un acompa\u00f1amiento conmigo, es necesario que tengas claro que lo ir\u00e1s descubriendo a medida avancemos en tu trabajo personal. Aqu\u00ed no hay presi\u00f3n de hacer ni de tomar decisiones abruptas; aqu\u00ed nos enfocamos en conocer qui\u00e9n eres para que el hacer se d\u00e9 de manera natural, sin sufrimiento y para que las decisiones sean correctas para vos, marcando tu propio proceso, que es \u00fanico e irrepetible.<\/span><\/p>\n<p><span style=\"color: #ffffff;\">Yo te acompa\u00f1o, te gu\u00edo, te comparto mi experiencia, mis conocimientos, mis herramientas, mi desarrollo, mi f\u00f3rmula y te ayudo a que encuentres la tuya. Lo hago desafi\u00e1ndote y conteni\u00e9ndote, en tu propia b\u00fasqueda. Te acompa\u00f1o record\u00e1ndote tus para qu\u00e9, poniendo luz en aquello que me compartas es lo importante para vos, te ayudo a gestionar tus emociones para poder romper mandatos, liberarte de mochilas que no son tuyas, dejar ir todo lo que no te sirve y potenciar los recursos que ya tienes.\u00a0<\/span><\/p>\n<p><span style=\"color: #ffffff;\">Mi misi\u00f3n ser\u00e1, que puedas ver las oportunidades que no est\u00e1s viendo, que aprendas a escucharte en conexi\u00f3n con tus emociones, que te hagas cargo de tus necesidades y deseos, que ampl\u00edes tu consciencia y que aprendas a verte de manera compasiva. Todo esto te conducir\u00e1 a tomar las decisiones correctas para vos, en el momento preciso en el que est\u00e9s lista para ello.\u00a0<\/span><\/p>\n<p>[\/et_pb_text][et_pb_text _builder_version=\u00bb4.15.1&#8243; text_font=\u00bbMontserrat|on||on|\u00bb text_text_color=\u00bb#353740&#8243; text_font_size=\u00bb42px\u00bb text_line_height=\u00bb1.2em\u00bb text_orientation=\u00bbcenter\u00bb max_width=\u00bb900px\u00bb module_alignment=\u00bbcenter\u00bb min_height=\u00bb216px\u00bb height=\u00bb100px\u00bb max_height=\u00bb430px\u00bb custom_margin=\u00bb|-27px|1px|78px|false|false\u00bb custom_padding=\u00bb0px|2px|25px|0px||\u00bb global_colors_info=\u00bb{}\u00bb]<\/p>\n<h3 style=\"text-align: center;\"><span style=\"color: #ffffff;\"><strong><span style=\"font-size: large;\">INVERSI\u00d3N <\/span><\/strong><\/span><\/h3>\n<h3 style=\"text-align: center;\"><span style=\"color: #ffffff;\">60 euros por sesi\u00f3n<\/span><\/h3>\n<h3 style=\"text-align: center;\"><span style=\"font-size: medium; color: #ffffff;\">MEDIO DE PAGO<\/span><\/h3>\n<h3 style=\"text-align: center;\"><span style=\"font-size: medium; color: #ffffff;\"> Transferencia, Tarjeta de d\u00e9bito\/cr\u00e9dito o PayPal.<\/span><\/h3>\n<h3><span style=\"color: #ffffff;\">\u00a0PARA RESERVAR TU SESI\u00d3N PRESENCIAL cont\u00e1ctame.<\/span>\u00a0<\/h3>\n<h3><strong><span style=\"color: #ffffff;\">para reservar tu sesi\u00f3n ONLINE <\/span><\/strong><\/h3>\n<h3><strong><span style=\"color: #ffffff;\">INGRESA AQU\u00cd<\/span><\/strong><\/h3>\n<p>[\/et_pb_text][et_pb_button button_url=\u00bbhttps:\/\/calendly.com\/barbararios\/sesion-1-a-1-espa\u00bb button_text=\u00bbDentro de Europa\u00bb button_alignment=\u00bbcenter\u00bb _builder_version=\u00bb4.15.1&#8243; _module_preset=\u00bbdefault\u00bb background_layout=\u00bbdark\u00bb global_colors_info=\u00bb{}\u00bb][\/et_pb_button][et_pb_button button_url=\u00bbhttps:\/\/calendly.com\/barbararios\/sesion-acompanamiento-1-a-1-int\u00bb button_text=\u00bbResto del mundo\u00bb button_alignment=\u00bbcenter\u00bb _builder_version=\u00bb4.15.1&#8243; _module_preset=\u00bbdefault\u00bb background_layout=\u00bbdark\u00bb custom_margin=\u00bb||93px|||\u00bb hover_enabled=\u00bb0&#8243; global_colors_info=\u00bb{}\u00bb disabled_on=\u00bbon|on|on\u00bb disabled=\u00bbon\u00bb sticky_enabled=\u00bb0&#8243;][\/et_pb_button][\/et_pb_column][\/et_pb_row][\/et_pb_section][et_pb_section fb_built=\u00bb1&#8243; admin_label=\u00bbgestion\u00bb module_id=\u00bbgestion\u00bb _builder_version=\u00bb4.15.1&#8243; background_color=\u00bb#ddb8ad\u00bb min_height=\u00bb1701px\u00bb custom_margin=\u00bb||-112px|||\u00bb custom_padding=\u00bb121px||54px|||\u00bb da_popup_slug=\u00bbgestion\u00bb da_disable_devices=\u00bboff|off|off\u00bb global_colors_info=\u00bb{}\u00bb da_is_popup=\u00bboff\u00bb da_exit_intent=\u00bboff\u00bb da_has_close=\u00bbon\u00bb da_alt_close=\u00bboff\u00bb da_dark_close=\u00bboff\u00bb da_not_modal=\u00bbon\u00bb da_is_singular=\u00bboff\u00bb da_with_loader=\u00bboff\u00bb da_has_shadow=\u00bbon\u00bb][et_pb_row admin_label=\u00bbService Section Title\u00bb _builder_version=\u00bb4.15&#8243; min_height=\u00bb211.3px\u00bb custom_margin=\u00bb-66px|auto|40px|auto||\u00bb custom_padding=\u00bb||0px|||\u00bb animation_style=\u00bbfade\u00bb animation_direction=\u00bbtop\u00bb saved_tabs=\u00bball\u00bb locked=\u00bboff\u00bb global_colors_info=\u00bb{}\u00bb][et_pb_column type=\u00bb4_4&#8243; _builder_version=\u00bb4.15&#8243; custom_padding=\u00bb|||\u00bb global_colors_info=\u00bb{}\u00bb custom_padding__hover=\u00bb|||\u00bb][et_pb_text admin_label=\u00bbgestion\u00bb _builder_version=\u00bb4.15.1&#8243; text_font=\u00bbMontserrat||||||||\u00bb text_text_color=\u00bb#747d88&#8243; text_font_size=\u00bb16px\u00bb text_line_height=\u00bb1.9em\u00bb header_font=\u00bb||||||||\u00bb header_2_font=\u00bbMontserrat|700||on|||||\u00bb header_2_font_size=\u00bb42px\u00bb header_2_line_height=\u00bb1.3em\u00bb text_orientation=\u00bbcenter\u00bb max_width=\u00bb700px\u00bb module_alignment=\u00bbcenter\u00bb animation_style=\u00bbslide\u00bb animation_direction=\u00bbbottom\u00bb animation_intensity_slide=\u00bb4%\u00bb inline_fonts=\u00bbRosie\u00bb global_colors_info=\u00bb{}\u00bb]<\/p>\n<h2><span style=\"color: #ffffff; font-family: Rosie;\">Gesti\u00d3n emocional para madres y padres<\/span><\/h2>\n<p>[\/et_pb_text][et_pb_text admin_label=\u00bbSubtitle\u00bb _builder_version=\u00bb4.15.1&#8243; text_font=\u00bbMontserrat||||\u00bb text_text_color=\u00bb#747d88&#8243; text_font_size=\u00bb16px\u00bb text_line_height=\u00bb1.8em\u00bb header_font=\u00bb||||||||\u00bb text_orientation=\u00bbcenter\u00bb width=\u00bb100%\u00bb max_width=\u00bb1000px\u00bb module_alignment=\u00bbcenter\u00bb min_height=\u00bb155.4px\u00bb custom_margin=\u00bb30px|||||\u00bb custom_padding=\u00bb33px||7px|||\u00bb animation_style=\u00bbslide\u00bb animation_direction=\u00bbbottom\u00bb animation_delay=\u00bb100ms\u00bb animation_intensity_slide=\u00bb4%\u00bb global_colors_info=\u00bb{}\u00bb]<\/p>\n<p class=\"p1\"><span style=\"color: #ffffff;\">Son encuentros grupales vivenciales de 2 horas de duraci\u00f3n, para madres y padres que busquen un espacio para gestionar sus emociones, compartir con pares, nutrirse de otras experiencias y ampliar su consciencia para poder acompa\u00f1ar amorosa y respetuosamente a sus hijxs en su propia gesti\u00f3n emocional y consciencia del mundo.\u00a0<\/span><\/p>\n<p class=\"p1\"><span style=\"color: #ffffff;\">En cada encuentro podremos poner en com\u00fan los temas que sean prioritarios para el grupo, pero sobre todo, podr\u00e1n realizar un trabajo personal, individual e introspectivo abordando dichos temas.<\/span> \u00a0<span style=\"color: #ffffff;\"><\/span><\/p>\n<p>&nbsp;<\/p>\n<p><span style=\"color: #ffffff;\"><\/span><\/p>\n<p>[\/et_pb_text][\/et_pb_column][\/et_pb_row][et_pb_row column_structure=\u00bb1_2,1_2&#8243; admin_label=\u00bbSkill\u00bb _builder_version=\u00bb4.15&#8243; custom_margin=\u00bb-49px|auto||auto||\u00bb custom_padding=\u00bb23px||10px|||\u00bb global_colors_info=\u00bb{}\u00bb][et_pb_column type=\u00bb1_2&#8243; _builder_version=\u00bb4.15&#8243; custom_padding=\u00bb|||\u00bb global_colors_info=\u00bb{}\u00bb custom_padding__hover=\u00bb|||\u00bb][et_pb_text admin_label=\u00bbTitle\u00bb _builder_version=\u00bb4.15&#8243; text_font=\u00bbMontserrat||||||||\u00bb text_text_color=\u00bb#747d88&#8243; text_font_size=\u00bb16px\u00bb text_line_height=\u00bb1.9em\u00bb header_font=\u00bb||||||||\u00bb header_2_font=\u00bbMontserrat|700||on|||||\u00bb header_2_font_size=\u00bb42px\u00bb header_2_line_height=\u00bb1.3em\u00bb text_orientation=\u00bbcenter\u00bb max_width=\u00bb700px\u00bb module_alignment=\u00bbcenter\u00bb animation_style=\u00bbslide\u00bb animation_direction=\u00bbbottom\u00bb animation_intensity_slide=\u00bb4%\u00bb global_colors_info=\u00bb{}\u00bb]<\/p>\n<h2><span style=\"color: #ffffff;\">Es para vos si..<\/span><\/h2>\n<p>[\/et_pb_text][et_pb_text _builder_version=\u00bb4.15.1&#8243; text_font=\u00bbMontserrat||||\u00bb text_text_color=\u00bb#747d88&#8243; text_font_size=\u00bb16px\u00bb text_line_height=\u00bb1.8em\u00bb custom_margin=\u00bb|||\u00bb custom_padding=\u00bb||20px|\u00bb animation_style=\u00bbflip\u00bb animation_intensity_flip=\u00bb20%\u00bb text_orientation_tablet=\u00bb\u00bb text_orientation_phone=\u00bbcenter\u00bb text_orientation_last_edited=\u00bbon|phone\u00bb global_colors_info=\u00bb{}\u00bb]<\/p>\n<p><span style=\"color: #ffffff;\">Sos madre o padre y:<\/span><br \/><span style=\"color: #ffffff;\">&gt; Sientes que hay situaciones que te desbordan y no sabes c\u00f3mo manejarlas;<\/span><br \/><span style=\"color: #ffffff;\">&gt; No puedes evitar caer en el grito y el agotamiento, frente a situaciones con tu peque que no salen como esperas;<\/span><br \/><span style=\"color: #ffffff;\">&gt; Quieres criar diferente y ser un modelo diferente, sientes que hay otra forma y no logras ver c\u00f3mo llevarlo a cabo;<\/span><br \/><span style=\"color: #ffffff;\">&gt; Est\u00e1s abiert@ a aprender sobre vos, a cuestionarte y poner en duda lo aprendido hasta ahora<\/span><br \/><span style=\"color: #ffffff;\">&gt; Tienes la idea de que el mundo necesita m\u00e1s amor y respeto y quieres poder darle herramientas a tu hij@ que le sirvan para ello.<\/span><\/p>\n<p>[\/et_pb_text][\/et_pb_column][et_pb_column type=\u00bb1_2&#8243; _builder_version=\u00bb4.15&#8243; custom_padding=\u00bb|||\u00bb global_colors_info=\u00bb{}\u00bb custom_padding__hover=\u00bb|||\u00bb][et_pb_text admin_label=\u00bbTitle\u00bb _builder_version=\u00bb4.15&#8243; text_font=\u00bbMontserrat||||||||\u00bb text_text_color=\u00bb#747d88&#8243; text_font_size=\u00bb16px\u00bb text_line_height=\u00bb1.9em\u00bb header_font=\u00bb||||||||\u00bb header_2_font=\u00bbMontserrat|700||on|||||\u00bb header_2_font_size=\u00bb42px\u00bb header_2_line_height=\u00bb1.3em\u00bb text_orientation=\u00bbcenter\u00bb max_width=\u00bb700px\u00bb module_alignment=\u00bbcenter\u00bb min_height=\u00bb43.6px\u00bb animation_style=\u00bbslide\u00bb animation_direction=\u00bbbottom\u00bb animation_intensity_slide=\u00bb4%\u00bb global_colors_info=\u00bb{}\u00bb]<\/p>\n<h2><span style=\"color: #ffffff;\">\u00bfqu\u00e9 puedes lograr?<\/span><\/h2>\n<p>[\/et_pb_text][et_pb_text _builder_version=\u00bb4.15.1&#8243; text_font=\u00bbMontserrat||||\u00bb text_text_color=\u00bb#747d88&#8243; text_font_size=\u00bb16px\u00bb text_line_height=\u00bb1.8em\u00bb custom_margin=\u00bb|||\u00bb custom_padding=\u00bb||20px|\u00bb animation_style=\u00bbflip\u00bb animation_intensity_flip=\u00bb20%\u00bb text_orientation_tablet=\u00bb\u00bb text_orientation_phone=\u00bbcenter\u00bb text_orientation_last_edited=\u00bbon|phone\u00bb global_colors_info=\u00bb{}\u00bb]<\/p>\n<p><span style=\"color: #ffffff;\">&gt; Entender e integrar tu proceso de gesti\u00f3n emocional para poder entender qu\u00e9 necesita tu hij@ a la hora de ser acompa\u00f1ado en sus emociones;<\/span><br \/><span style=\"color: #ffffff;\">&gt; Detectar y potenciar los recursos que ya posees para criar con amor y respeto;<\/span><br \/><span style=\"color: #ffffff;\">&gt; Ampliar tu consciencia y coherencia a partir de tu forma de criar;<\/span><br \/><span style=\"color: #ffffff;\">&gt; Tomar consciencia de c\u00f3mo puedes criar diferente;<\/span><br \/><span style=\"color: #ffffff;\">&gt; Descubrir nuevas herramientas para acompa\u00f1ar;<\/span><\/p>\n<p><span style=\"color: #ffffff; font-size: 16px;\">&gt; Nutrirte de pares y otras experiencias;\u00a0<\/span><\/p>\n<p><span style=\"color: #ffffff;\">&gt; Sentirte acompa\u00f1ad@ en tus miedos, dudas e incertidumbres;<\/span><br \/><span style=\"color: #ffffff;\">&gt; Todo lo que est\u00e9s dispuest@ a ver en vos, cuestionarte y reaprender.<\/span><span style=\"color: #ffffff;\"><\/span><span style=\"color: #ffffff;\"><\/span><\/p>\n<p><span style=\"color: #ffffff;\"><\/span><\/p>\n<p>[\/et_pb_text][\/et_pb_column][\/et_pb_row][et_pb_row _builder_version=\u00bb4.15.1&#8243; _module_preset=\u00bbdefault\u00bb global_colors_info=\u00bb{}\u00bb][et_pb_column type=\u00bb4_4&#8243; _builder_version=\u00bb4.15.1&#8243; _module_preset=\u00bbdefault\u00bb global_colors_info=\u00bb{}\u00bb][et_pb_text _builder_version=\u00bb4.15.1&#8243; _module_preset=\u00bbdefault\u00bb text_font=\u00bb||||||||\u00bb text_line_height=\u00bb1.9em\u00bb custom_padding=\u00bb||0px|||\u00bb global_colors_info=\u00bb{}\u00bb]<\/p>\n<p><span style=\"color: #ffffff;\"><strong><span style=\"font-size: medium;\">LA COHERENCIA LE DA SEGURIDAD AL NI\u00d1@.<\/span><\/strong><\/span><\/p>\n<p><span style=\"color: #ffffff; font-size: medium;\">Si lo que hacemos, representa lo que decimos, hay coherencia. Si decimos una cosa y hacemos otra, habr\u00e1 confusi\u00f3n y si hay confusi\u00f3n, aparece el miedo, la incertidumbre y la inseguridad. Todo ser humano aprende m\u00e1s de lo que vive que de lo que lee o escucha. Por ende, siendo coherentes nos aseguramos que nuestros hijes integren el mensaje que queremos dar y les damos herramientas para incrementar su autoestima y su forma de ver el mundo.<\/span><\/p>\n<p>[\/et_pb_text][\/et_pb_column][\/et_pb_row][et_pb_row _builder_version=\u00bb4.15.1&#8243; _module_preset=\u00bbdefault\u00bb global_colors_info=\u00bb{}\u00bb][et_pb_column type=\u00bb4_4&#8243; _builder_version=\u00bb4.15.1&#8243; _module_preset=\u00bbdefault\u00bb global_colors_info=\u00bb{}\u00bb][et_pb_text admin_label=\u00bbTitle\u00bb _builder_version=\u00bb4.15&#8243; text_font=\u00bbMontserrat||||||||\u00bb text_text_color=\u00bb#747d88&#8243; text_font_size=\u00bb16px\u00bb text_line_height=\u00bb1.9em\u00bb header_font=\u00bb||||||||\u00bb header_2_font=\u00bbMontserrat|700||on|||||\u00bb header_2_font_size=\u00bb42px\u00bb header_2_line_height=\u00bb1.3em\u00bb text_orientation=\u00bbcenter\u00bb max_width=\u00bb989px\u00bb module_alignment=\u00bbcenter\u00bb animation_style=\u00bbslide\u00bb animation_direction=\u00bbbottom\u00bb animation_intensity_slide=\u00bb4%\u00bb global_colors_info=\u00bb{}\u00bb]<\/p>\n<h2><span style=\"color: #ffffff;\">\u00bfQu\u00e9 incluye?<\/span><\/h2>\n<p>[\/et_pb_text][et_pb_text _builder_version=\u00bb4.15.1&#8243; text_font=\u00bbMontserrat||||\u00bb text_text_color=\u00bb#747d88&#8243; text_font_size=\u00bb16px\u00bb text_line_height=\u00bb1.8em\u00bb text_orientation=\u00bbcenter\u00bb custom_margin=\u00bb|||\u00bb custom_padding=\u00bb||20px|\u00bb animation_style=\u00bbflip\u00bb animation_intensity_flip=\u00bb20%\u00bb global_colors_info=\u00bb{}\u00bb]<\/p>\n<p><span style=\"color: #ffffff;\">+ 2 hs de encuentro presencial <\/span><\/p>\n<p><span style=\"color: #ffffff;\">+ Materiales de trabajo <\/span><\/p>\n<p>[\/et_pb_text][\/et_pb_column][\/et_pb_row][et_pb_row admin_label=\u00bbSkill\u00bb _builder_version=\u00bb4.15&#8243; min_height=\u00bb273px\u00bb custom_padding=\u00bb20px||0px|||\u00bb global_colors_info=\u00bb{}\u00bb][et_pb_column type=\u00bb4_4&#8243; admin_label=\u00bbColumna\u00bb _builder_version=\u00bb4.15&#8243; custom_padding=\u00bb|||\u00bb global_colors_info=\u00bb{}\u00bb custom_padding__hover=\u00bb|||\u00bb][et_pb_text _builder_version=\u00bb4.15.1&#8243; text_font=\u00bbMontserrat|on||on|\u00bb text_text_color=\u00bb#353740&#8243; text_font_size=\u00bb42px\u00bb text_line_height=\u00bb1.2em\u00bb text_orientation=\u00bbcenter\u00bb max_width=\u00bb900px\u00bb module_alignment=\u00bbcenter\u00bb min_height=\u00bb142px\u00bb height=\u00bb100px\u00bb max_height=\u00bb430px\u00bb custom_margin=\u00bb|-27px|2px|78px|false|false\u00bb custom_padding=\u00bb0px|2px|0px|0px||\u00bb global_colors_info=\u00bb{}\u00bb]<\/p>\n<h4><span style=\"color: #ffffff; font-size: large;\"><\/span><\/h4>\n<h4><strong><span style=\"color: #ffffff; font-size: large;\">INVERSI\u00d3N <\/span><\/strong><\/h4>\n<h4><span style=\"color: #ffffff;\">30 eur cada encuentro<\/span><\/h4>\n<h4><span style=\"color: #ffffff;\"><strong><\/strong><\/span><\/h4>\n<h4><span style=\"color: #ffffff;\"><strong><\/strong><\/span><\/h4>\n<h4><span style=\"color: #ffffff;\"><strong>plazas limitadas <\/strong>por grupo<\/span><span style=\"color: #ffffff;\"><\/span><\/h4>\n<h4><\/h4>\n<p><span style=\"color: #ffffff;\"><\/span><\/p>\n<p><span style=\"color: #ffffff;\"><\/span><\/p>\n<h4><span style=\"color: #ffffff;\"><strong><\/strong><\/span><\/h4>\n<p>[\/et_pb_text][et_pb_button button_url=\u00bbhttps:\/\/calendly.com\/barbararios\/sesion-grupal-mapadres\u00bb button_text=\u00bbInscr\u00edbete\u00bb button_alignment=\u00bbcenter\u00bb _builder_version=\u00bb4.15.1&#8243; _module_preset=\u00bbdefault\u00bb background_layout=\u00bbdark\u00bb custom_margin=\u00bb-13px|||||\u00bb hover_enabled=\u00bb0&#8243; global_colors_info=\u00bb{}\u00bb disabled_on=\u00bbon|on|on\u00bb disabled=\u00bbon\u00bb sticky_enabled=\u00bb0&#8243;][\/et_pb_button][\/et_pb_column][\/et_pb_row][\/et_pb_section][et_pb_section fb_built=\u00bb1&#8243; admin_label=\u00bbGradient Background Color Section\u00bb module_id=\u00bbhistoria\u00bb _builder_version=\u00bb4.15.1&#8243; background_color=\u00bb#d8d9bb\u00bb background_color_gradient_direction=\u00bb90deg\u00bb background_enable_image=\u00bboff\u00bb min_height=\u00bb796.8px\u00bb custom_margin=\u00bb71px||-4px|||\u00bb custom_margin_tablet=\u00bb||0px|\u00bb custom_margin_phone=\u00bb-1px||0px|||\u00bb custom_margin_last_edited=\u00bbon|phone\u00bb custom_padding=\u00bb1.9%||0px|||\u00bb link_option_url=\u00bbhistoria\u00bb da_popup_slug=\u00bbhistoria\u00bb da_disable_devices=\u00bboff|off|off\u00bb global_colors_info=\u00bb{}\u00bb da_is_popup=\u00bboff\u00bb da_exit_intent=\u00bboff\u00bb da_has_close=\u00bbon\u00bb da_alt_close=\u00bboff\u00bb da_dark_close=\u00bboff\u00bb da_not_modal=\u00bbon\u00bb da_is_singular=\u00bboff\u00bb da_with_loader=\u00bboff\u00bb da_has_shadow=\u00bbon\u00bb][et_pb_row _builder_version=\u00bb4.15&#8243; custom_margin=\u00bb4px|auto||auto||\u00bb custom_padding=\u00bb61px|0px|0px|0px||\u00bb global_colors_info=\u00bb{}\u00bb][et_pb_column type=\u00bb4_4&#8243; _builder_version=\u00bb4.15&#8243; custom_padding=\u00bb|||\u00bb global_colors_info=\u00bb{}\u00bb custom_padding__hover=\u00bb|||\u00bb][et_pb_text admin_label=\u00bbTitle\u00bb _builder_version=\u00bb4.15.1&#8243; text_font=\u00bbRosie||||||||\u00bb text_text_color=\u00bb#747d88&#8243; text_font_size=\u00bb16px\u00bb text_line_height=\u00bb1.9em\u00bb header_font=\u00bb||||||||\u00bb header_2_font=\u00bbMontserrat|700||on|||||\u00bb header_2_font_size=\u00bb42px\u00bb header_2_line_height=\u00bb1.3em\u00bb text_orientation=\u00bbcenter\u00bb max_width=\u00bb700px\u00bb module_alignment=\u00bbcenter\u00bb custom_margin=\u00bb||-32px|||\u00bb custom_padding=\u00bb||0px|||\u00bb animation_style=\u00bbslide\u00bb animation_direction=\u00bbbottom\u00bb animation_intensity_slide=\u00bb4%\u00bb inline_fonts=\u00bbRosie\u00bb global_colors_info=\u00bb{}\u00bb]<\/p>\n<h2><span style=\"color: #ffffff; font-family: Rosie;\">MI HISTORIA<\/span><\/h2>\n<p>[\/et_pb_text][et_pb_text _builder_version=\u00bb4.15.1&#8243; _module_preset=\u00bbdefault\u00bb custom_margin=\u00bb51px|||||\u00bb inline_fonts=\u00bbAkronim,Rosie\u00bb global_colors_info=\u00bb{}\u00bb]<\/p>\n<p><em><span style=\"font-weight: 400;\">Soy argentina, de Villa Ballester, un peque\u00f1o barrio de Buenos Aires. Llevo viviendo fuera de mi pa\u00eds 6 a\u00f1os, 2 mudanzas internacionales y m\u00e1s de 5 mudanzas de casa.<\/span><\/em><\/p>\n<p><em><span style=\"font-weight: 400;\">Crec\u00ed en una familia resiliente en la que la comunicaci\u00f3n y las emociones fueron siempre un desaf\u00edo para m\u00ed.<\/span><\/em><\/p>\n<p><em><span style=\"font-weight: 400;\">Durante mi infancia fui \u00abni\u00f1a buena\u00bb, en mi adolescencia me rebel\u00e9 y en el comienzo de mi adultez busqu\u00e9 hacer todo lo que me hab\u00eda cre\u00eddo que ten\u00eda que hacer para ser exitosa.<\/span><\/em><\/p>\n<p><em><span style=\"font-weight: 400;\">Estudi\u00e9 en la universidad Relaciones P\u00fablicas, trabaj\u00e9 14 a\u00f1os en relaci\u00f3n de dependencia y los \u00faltimos siete, en una instituci\u00f3n bancaria, en la cual me di cuenta que ni el mejor sueldo ni la buena carrera en una instituci\u00f3n reconocida, me daba felicidad.<\/span><\/em><\/p>\n<p><span style=\"font-weight: 400;\">A mis 28 a\u00f1os entr\u00e9 en una crisis existencial acompa\u00f1ada de crisis emocionales. Me di cuenta que me hab\u00eda convertido en una m\u00e1quina de trabajar y que no quer\u00eda tener esa vida para mi, en la que no hab\u00eda lugar ni para mi MATERNIDAD ni para el PLACER. Me sent\u00ed m\u00e1s enjaulada que nunca y decid\u00ed renunciar e irme de viaje.<\/span><\/p>\n<p><span style=\"color: #ffffff;\"><strong>Yo quer\u00eda ser due\u00f1a de mi tiempo, trabajar de algo que me apasione tanto como bailar y que dejara huella en el mundo.<\/strong><\/span><\/p>\n<p><span style=\"font-weight: 400;\">Cuando conect\u00e9 con esa necesidad de VIVIR DE OTRA FORMA, lleg\u00f3 la oportunidad de vivir en M\u00e9xico. All\u00ed me form\u00e9 como Coach de liderazgo consciente, estudi\u00e9 arteterapia, maestr\u00eda de reiki, diferentes t\u00e9cnicas espirituales y realic\u00e9 mucho trabajo de consciencia personal.<\/span><\/p>\n<p><span style=\"font-weight: 400;\">M\u00e9xico signific\u00f3 para mi un despertar. Me puso en conexi\u00f3n con todo el mundo espiritual, con diferentes tipos de terapias, con diferentes maestras y madres que me maternaron, me apapacharon y me ayudaron a conectar con mi sabidur\u00eda, mi intuici\u00f3n, la tierra, lo org\u00e1nico y MI PROPIA MAGIA.<\/span><\/p>\n<p><span style=\"font-weight: 400;\">En M\u00e9xico me convert\u00ed en mam\u00e1, naci\u00f3 mi hija rodeada de una energ\u00eda femenina M\u00c1GICA, RESPETUOSA, PODEROSA Y MUY AMOROSA; en plena pandemia.<\/span><\/p>\n<p><span style=\"font-weight: 400;\">La maternidad me atraves\u00f3 por completo y vino a profundizar el trabajo personal que ya estaba haciendo, me di\u00f3 direcci\u00f3n.<\/span><\/p>\n<p><span style=\"font-weight: 400;\">Actualmente, vivo en Madrid, me form\u00e9 en Counselling Humanista Integrativo durante el primer a\u00f1o de mi llegada. Encontrar este enfoque para mi signific\u00f3 terminar de encuadrar mi forma de acompa\u00f1ar. Encontr\u00e9 lo que ven\u00eda a buscar: confirmar con el cuerpo que EL AMOR CURA.<\/span><\/p>\n<p><span style=\"font-weight: 400;\">Cada formaci\u00f3n que tom\u00e9 no se basa en teor\u00eda nada m\u00e1s, tiene como eje importante para mi, lo vivencial; yo viv\u00ed cada proceso de cada t\u00e9cnica y formaci\u00f3n que aprend\u00ed en todos estos a\u00f1os. La formal y la informal lo llevo puesto, soy mi mejor caso de \u00e9xito de las herramientas que transmito y practico.\u00a0<\/span><\/p>\n<p><span style=\"font-weight: 400;\">Mi historia tiene mil detalles, aprendizajes, muchas herramientas y enormes maestras que me han ayudado a llegar a este presente.<\/span><\/p>\n<p><span style=\"font-weight: 400;\">Todo eso que hoy es sabidur\u00eda lo voy compartiendo a trav\u00e9s de mis sesiones, grupos y herramientas para que conozcas el abanico de posibilidades que tienes \u00a1y te inspire a encontrarte!<\/span><\/p>\n<p><span style=\"font-weight: 400;\">Mi entrega es profunda y mi compromiso es con mi prop\u00f3sito.<\/span><\/p>\n<p><span style=\"font-weight: 400;\">S\u00e9 que mi misi\u00f3n en esta vida es CONTRIBUIR. Hoy, ayud\u00e1ndote a que te sientas libre de SER quien viniste a ser a este mundo.<\/span><\/p>\n<p><span style=\"color: #ffffff;\">Si algo de esto resuena en vos, te invito a contactarme y veamos juntas c\u00f3mo puedo contribuirte para atravesar lo que est\u00e9s viviendo hoy.<span style=\"font-family: Average; font-size: x-large;\">\u00a0\u00a0<\/span><\/span><\/p>\n<p><span style=\"font-family: Average; font-weight: normal; font-size: x-large; color: #ffffff;\"><\/span><\/p>\n<p><span style=\"font-family: Rosie; font-weight: normal; font-size: xx-large; color: #ffffff;\">Gracias infinitas<\/span><span><\/span><span style=\"font-family: Average; font-weight: normal; font-size: x-large;\"><\/span><\/p>\n<p>&nbsp;<\/p>\n<p>&nbsp;<\/p>\n<p>&nbsp;<\/p>\n<p>[\/et_pb_text][\/et_pb_column][\/et_pb_row][\/et_pb_section]<\/p>\n","protected":false},"excerpt":{"rendered":"<p>sesiones 1 a 1 Sesiones personalizadas de hasta 75 minutos, online o presencial, con posibilidad de tomar a modo de consulta o a modo de\u00a0 acompa\u00f1amiento, para que puedas probar c\u00f3mo es trabajar conmigo o puedas realizar un trabajo personal de autoconocimiento profundo, potenciando tus recursos, gestionando tus emociones y aprendiendo a ser m\u00e1s consciente [&hellip;]<\/p>\n","protected":false},"author":1,"featured_media":0,"parent":0,"menu_order":0,"comment_status":"closed","ping_status":"closed","template":"","meta":{"_et_pb_use_builder":"on","_et_pb_old_content":"","_et_gb_content_width":"","footnotes":""},"class_list":["post-136","page","type-page","status-publish","hentry"],"_links":{"self":[{"href":"https:\/\/abrazoelcorazon.com\/index.php?rest_route=\/wp\/v2\/pages\/136","targetHints":{"allow":["GET"]}}],"collection":[{"href":"https:\/\/abrazoelcorazon.com\/index.php?rest_route=\/wp\/v2\/pages"}],"about":[{"href":"https:\/\/abrazoelcorazon.com\/index.php?rest_route=\/wp\/v2\/types\/page"}],"author":[{"embeddable":true,"href":"https:\/\/abrazoelcorazon.com\/index.php?rest_route=\/wp\/v2\/users\/1"}],"replies":[{"embeddable":true,"href":"https:\/\/abrazoelcorazon.com\/index.php?rest_route=%2Fwp%2Fv2%2Fcomments&post=136"}],"version-history":[{"count":100,"href":"https:\/\/abrazoelcorazon.com\/index.php?rest_route=\/wp\/v2\/pages\/136\/revisions"}],"predecessor-version":[{"id":868,"href":"https:\/\/abrazoelcorazon.com\/index.php?rest_route=\/wp\/v2\/pages\/136\/revisions\/868"}],"wp:attachment":[{"href":"https:\/\/abrazoelcorazon.com\/index.php?rest_route=%2Fwp%2Fv2%2Fmedia&parent=136"}],"curies":[{"name":"wp","href":"https:\/\/api.w.org\/{rel}","templated":true}]}}